{"id":524,"date":"2020-10-28T15:29:51","date_gmt":"2020-10-28T15:29:51","guid":{"rendered":"https:\/\/cm-fronteira.pt\/?page_id=524"},"modified":"2025-11-12T11:35:59","modified_gmt":"2025-11-12T11:35:59","slug":"calendario-de-reunioes","status":"publish","type":"page","link":"https:\/\/cm-fronteira.pt\/es\/municipio\/camara-municipal\/reunioes-de-camara\/calendario-de-reunioes\/","title":{"rendered":"Calend\u00e1rio de Reuni\u00f5es"},"content":{"rendered":"<p>&nbsp;<\/p>\n<p style=\"text-align: justify\">Conforme o disposto no artigo 40\u00ba. n\u00ba.1 do anexo I da Lei n\u00ba. 75\/2013<\/p>\n<p style=\"text-align: justify\"><em><strong>\u201cA c\u00e2mara municipal tem uma reuni\u00e3o ordin\u00e1ria semanal, ou quinzenal, se o julgar conveniente, e reuni\u00f5es extraordin\u00e1rias sempre que necess\u00e1rio\u201d<\/strong><\/em><\/p>\n<p style=\"text-align: justify\">A C\u00e2mara Municipal de Fronteira em reuni\u00e3o de 18 de Outubro de 2021 , deliberou que as reuni\u00f5es ordin\u00e1rias deste \u00f3rg\u00e3o se realizem nas segundas e quartas Quartas- Feiras de cada m\u00eas \u00e0s 14:00 horas , sendo a \u00faltima reuni\u00e3o do m\u00eas p\u00fablica .<\/p>\n<p><\/p>","protected":false},"excerpt":{"rendered":"<p>&nbsp; Conforme o disposto no artigo 40\u00ba. n\u00ba.1 do anexo I da Lei n\u00ba. 75\/2013 \u201cA c\u00e2mara municipal tem uma reuni\u00e3o ordin\u00e1ria semanal, ou quinzenal, se o julgar conveniente, e reuni\u00f5es extraordin\u00e1rias sempre que necess\u00e1rio\u201d A C\u00e2mara Municipal de Fronteira em reuni\u00e3o de 18 de Outubro de 2021 , deliberou que as reuni\u00f5es ordin\u00e1rias deste [&hellip;]<\/p>\n","protected":false},"author":13,"featured_media":0,"parent":518,"menu_order":0,"comment_status":"closed","ping_status":"closed","template":"templates-map\/component-text-layout1.php","meta":{"_acf_changed":false,"_exactmetrics_skip_tracking":false,"_exactmetrics_sitenote_active":false,"_exactmetrics_sitenote_note":"","_exactmetrics_sitenote_category":0,"footnotes":""},"categories":[1336],"class_list":["post-524","page","type-page","status-publish","hentry","category-municipio"],"acf":[],"_links":{"self":[{"href":"https:\/\/cm-fronteira.pt\/es\/wp-json\/wp\/v2\/pages\/524","targetHints":{"allow":["GET"]}}],"collection":[{"href":"https:\/\/cm-fronteira.pt\/es\/wp-json\/wp\/v2\/pages"}],"about":[{"href":"https:\/\/cm-fronteira.pt\/es\/wp-json\/wp\/v2\/types\/page"}],"author":[{"embeddable":true,"href":"https:\/\/cm-fronteira.pt\/es\/wp-json\/wp\/v2\/users\/13"}],"replies":[{"embeddable":true,"href":"https:\/\/cm-fronteira.pt\/es\/wp-json\/wp\/v2\/comments?post=524"}],"version-history":[{"count":30,"href":"https:\/\/cm-fronteira.pt\/es\/wp-json\/wp\/v2\/pages\/524\/revisions"}],"predecessor-version":[{"id":22958,"href":"https:\/\/cm-fronteira.pt\/es\/wp-json\/wp\/v2\/pages\/524\/revisions\/22958"}],"up":[{"embeddable":true,"href":"https:\/\/cm-fronteira.pt\/es\/wp-json\/wp\/v2\/pages\/518"}],"wp:attachment":[{"href":"https:\/\/cm-fronteira.pt\/es\/wp-json\/wp\/v2\/media?parent=524"}],"wp:term":[{"taxonomy":"category","embeddable":true,"href":"https:\/\/cm-fronteira.pt\/es\/wp-json\/wp\/v2\/categories?post=524"}],"curies":[{"name":"wp","href":"https:\/\/api.w.org\/{rel}","templated":true}]}}